{"id":19,"date":"2025-01-11T20:28:08","date_gmt":"2025-01-11T20:28:08","guid":{"rendered":"https:\/\/ziehmy.de\/saab\/?page_id=19"},"modified":"2025-01-19T16:35:44","modified_gmt":"2025-01-19T15:35:44","slug":"willkommen","status":"publish","type":"page","link":"https:\/\/ziehmy.de\/saab\/","title":{"rendered":"Willkommen bei SAAB-Ziehm.de"},"content":{"rendered":"<p style=\"text-align: center;\"><div id=\"metaslider-id-148\" style=\"width: 100%; margin: 0 auto;\" class=\"ml-slider-3-104-0 metaslider metaslider-flex metaslider-148 ml-slider ms-theme-default nav-hidden\" role=\"region\" aria-label=\"SAAB-Titel\" data-height=\"650\" data-width=\"1000\">\n    <div id=\"metaslider_container_148\">\n        <div id=\"metaslider_148\">\n            <ul class='slides'>\n                <li style=\"display: block; width: 100%;\" class=\"slide-155 ms-image \" aria-roledescription=\"slide\" data-date=\"2025-01-12 00:08:14\" data-filename=\"Saab-Sonett-III-112_DxO-1000x650-1.jpg\" data-slide-type=\"image\"><img loading=\"lazy\" decoding=\"async\" src=\"https:\/\/ziehmy.de\/saab\/wp-content\/uploads\/2025\/01\/Saab-Sonett-III-112_DxO-1000x650-1.jpg\" height=\"650\" width=\"1000\" alt=\"Ziehmy\" class=\"slider-148 slide-155 msDefaultImage\" title=\"Saab-Sonett-III-112_DxO-1000x650\" \/><div class=\"caption-wrap\"><div class=\"caption\"><h3 style=\"text-align:center;\"><span style=\"color:rgb(224,62,45);\"><strong>SAAB-Ziehm - Dr. Sonett <br \/><\/strong><span style=\"color:rgb(206,212,217);\"><em>(Bild: Ziehmy mit seiner SAAB Sonett III)<\/em><\/span><br \/><\/span><\/h3><\/div><\/div><\/li>\n                <li style=\"display: none; width: 100%;\" class=\"slide-537 ms-image \" aria-roledescription=\"slide\" data-date=\"2025-01-17 19:26:38\" data-filename=\"IMG_9170-1000x650.jpg\" data-slide-type=\"image\"><img loading=\"lazy\" decoding=\"async\" src=\"https:\/\/ziehmy.de\/saab\/wp-content\/uploads\/2025\/01\/IMG_9170-1000x650.jpg\" height=\"650\" width=\"1000\" alt=\"\" class=\"slider-148 slide-537 msDefaultImage\" title=\"IMG_9170\" \/><div class=\"caption-wrap\"><div class=\"caption\"><h3 style=\"text-align:center;\"><span style=\"color:rgb(224,62,45);\"><strong>Ohne SAAB geht es nicht! <br \/><\/strong><\/span><span style=\"color:rgb(224,62,45);\"><span style=\"color:rgb(206,212,217);\"><em>(Bild: 2002er SAAB 9-3 TiD Anniversary)<\/em><\/span><\/span><\/h3><\/div><\/div><\/li>\n                <li style=\"display: none; width: 100%;\" class=\"slide-580 ms-image \" aria-roledescription=\"slide\" data-date=\"2025-01-18 21:00:42\" data-filename=\"201-Drehtag-21.05.21-1000x650.jpg\" data-slide-type=\"image\"><a href=\"https:\/\/ziehmy.de\/saab\/index.php\/willkommen\/saab-sonett-iii\/sonett-im-tv\/\" target=\"_self\" aria-label=\"Direkt zum Gro\u00dfstadtrevier....\" class=\"metaslider_image_link\"><img loading=\"lazy\" decoding=\"async\" src=\"https:\/\/ziehmy.de\/saab\/wp-content\/uploads\/2025\/01\/201-Drehtag-21.05.21-1000x650.jpg\" height=\"650\" width=\"1000\" alt=\"\" class=\"slider-148 slide-580 msDefaultImage\" title=\"201-Drehtag 21.05.21\" \/><\/a><div class=\"caption-wrap\"><div class=\"caption\"><h3 style=\"text-align:center;\"><strong><span style=\"color:rgb(224,62,45);\">SAAB Sonett III im Fernsehen: Gro\u00dfstadtrevier!\u00a0<br \/><\/span><\/strong><span style=\"color:rgb(224,62,45);\"><span style=\"color:rgb(206,212,217);\"><em>(Bild: Meine SAAB Sonett III bei Dreharbeiten)<\/em><\/span><\/span><\/h3><\/div><\/div><\/li>\n                <li style=\"display: none; width: 100%;\" class=\"slide-157 ms-image \" aria-roledescription=\"slide\" data-date=\"2025-01-12 00:08:51\" data-filename=\"IMG_1304-1000x650.jpg\" data-slide-type=\"image\"><img loading=\"lazy\" decoding=\"async\" src=\"https:\/\/ziehmy.de\/saab\/wp-content\/uploads\/2025\/01\/IMG_1304-1000x650.jpg\" height=\"650\" width=\"1000\" alt=\"\" class=\"slider-148 slide-157 msDefaultImage\" title=\"IMG_1304\" \/><div class=\"caption-wrap\"><div class=\"caption\"><h3 style=\"text-align:center;\"><span style=\"color:rgb(224,62,45);\"><strong>www.saab-ziehm.de<br \/><\/strong><\/span><span style=\"color:rgb(224,62,45);\"><em><span style=\"color:rgb(206,212,217);\">(Bild: 2011er SAAB 9-3 TTiD Aero)<\/span><\/em><\/span><\/h3><\/div><\/div><\/li>\n                <li style=\"display: none; width: 100%;\" class=\"slide-175 ms-image \" aria-roledescription=\"slide\" data-date=\"2025-01-12 13:08:53\" data-filename=\"Saab-Sonett-III-104_DxO-1-1000x650-1.jpg\" data-slide-type=\"image\"><img loading=\"lazy\" decoding=\"async\" src=\"https:\/\/ziehmy.de\/saab\/wp-content\/uploads\/2025\/01\/Saab-Sonett-III-104_DxO-1-1000x650-1.jpg\" height=\"650\" width=\"1000\" alt=\"\" class=\"slider-148 slide-175 msDefaultImage\" title=\"Ziehmy mit seiner SAAB Sonett  III\" \/><div class=\"caption-wrap\"><div class=\"caption\"><h3 style=\"text-align:center;\"><span style=\"color:rgb(224,62,45);\"><strong>Ziehmy - der Spezialist f\u00fcr die Sonett III<br \/><\/strong><\/span><span style=\"color:rgb(224,62,45);\"><span style=\"color:rgb(206,212,217);\"><em>(Bild: Ziehmy mit seiner SAAB Sonett III)<\/em><\/span><\/span><\/h3><\/div><\/div><\/li>\n                <li style=\"display: none; width: 100%;\" class=\"slide-536 ms-image \" aria-roledescription=\"slide\" data-date=\"2025-01-17 19:25:17\" data-filename=\"IMG_9199-926x602.jpg\" data-slide-type=\"image\"><img loading=\"lazy\" decoding=\"async\" src=\"https:\/\/ziehmy.de\/saab\/wp-content\/uploads\/2025\/01\/IMG_9199-926x602.jpg\" height=\"650\" width=\"1000\" alt=\"\" class=\"slider-148 slide-536 msDefaultImage\" title=\"IMG_9199\" \/><div class=\"caption-wrap\"><div class=\"caption\"><h3 style=\"text-align:center;\"><span style=\"color:rgb(224,62,45);\"><strong>HERZLICH WILLKOMMEN! <br \/><\/strong><\/span><span style=\"color:rgb(224,62,45);\"><span style=\"color:rgb(206,212,217);\"><em>(Bild: 2011er und 2002er SAAB 9-3)<\/em><\/span><\/span><\/h3><\/div><\/div><\/li>\n                <li style=\"display: none; width: 100%;\" class=\"slide-156 ms-image \" aria-roledescription=\"slide\" data-date=\"2025-01-12 00:08:38\" data-filename=\"005-SportCombi-scaled-1000x650-1.jpg\" data-slide-type=\"image\"><img loading=\"lazy\" decoding=\"async\" src=\"https:\/\/ziehmy.de\/saab\/wp-content\/uploads\/2025\/01\/005-SportCombi-scaled-1000x650-1.jpg\" height=\"650\" width=\"1000\" alt=\"SAAB 9-3 TTiD\" class=\"slider-148 slide-156 msDefaultImage\" title=\"005-SportCombi-scaled-1000x650\" \/><div class=\"caption-wrap\"><div class=\"caption\"><h3 style=\"text-align:center;\"><span style=\"color:rgb(224,62,45);\"><strong>Ein Leben ohne SAAB? - M\u00f6glich! Aber warum sollte man das tun?<br \/><\/strong><em><span style=\"color:rgb(206,212,217);\">(Bild: 2011er SAAB 9-3 TTiD Aero)<\/span><\/em><\/span><\/h3><\/div><\/div><\/li>\n                <li style=\"display: none; width: 100%;\" class=\"slide-160 ms-image \" aria-roledescription=\"slide\" data-date=\"2025-01-12 11:46:25\" data-filename=\"Img_9185-1000x650-1.jpg\" data-slide-type=\"image\"><img loading=\"lazy\" decoding=\"async\" src=\"https:\/\/ziehmy.de\/saab\/wp-content\/uploads\/2025\/01\/Img_9185-1000x650-1.jpg\" height=\"650\" width=\"1000\" alt=\"\" class=\"slider-148 slide-160 msDefaultImage\" title=\"Img_9185-1000x650\" \/><div class=\"caption-wrap\"><div class=\"caption\"><h3 style=\"text-align:center;\"><span style=\"color:rgb(224,62,45);\"><strong>SAAB-Ziehm - der SAAB-Fan aus dem Norden<br \/><\/strong><\/span><span style=\"color:rgb(224,62,45);\"><span style=\"color:rgb(206,212,217);\"><em>(Bild: Ziehmy mit seiner SAAB Sonett III)<\/em><\/span><\/span><\/h3><\/div><\/div><\/li>\n            <\/ul>\n        <\/div>\n        \n    <\/div>\n<\/div>\n<hr \/>\n<p style=\"text-align: left;\">Sch\u00f6n, dass Du den Weg zu meiner\u00a0<strong>SAAB<\/strong>-Internetseite gefunden hast! Auf den folgenden Seiten findest Du umfangreiche Informationen \u00fcber mich und mein Hobby. Auch hoffe ich, mit meinem Wissen rund um einige der\u00a0<strong>SAAB<\/strong>-Modelle, anderen\u00a0<strong>SAAB<\/strong>-Fans helfen zu k\u00f6nnen. Seit es\u00a0<strong>SAAB<\/strong>\u00a0als aktiven Fahrzeughersteller nicht mehr gibt, ist es nicht gerade einfacher geworden, diese tollen Fahrzeuge zu erhalten und sogar im Alltag weiter zu fahren.<\/p>\n<p style=\"text-align: center;\"><strong>Ich w\u00fcnsche viel Spa\u00df beim Durchst\u00f6bern meiner sehr SAAB-lastigen Website\u2026.<\/strong><\/p>\n<p>&nbsp;<\/p>\n<p style=\"text-align: center;\">Direkt weiter zu\u00a0<a tabindex=\"-1\" href=\"https:\/\/ziehmy.de\/saab\/index.php\/willkommen\/saab-und-ich\/\">SAAB und Ich \u2192<\/a><\/p>\n<hr class=\"wp-block-separator is-style-wide\" \/>\n<p><img loading=\"lazy\" decoding=\"async\" class=\"aligncenter wp-image-132\" src=\"https:\/\/ziehmy.de\/saab\/wp-content\/uploads\/2025\/01\/Achtung2-1024x709-1-300x208.jpg\" alt=\"\" width=\"600\" height=\"415\" srcset=\"https:\/\/ziehmy.de\/saab\/wp-content\/uploads\/2025\/01\/Achtung2-1024x709-1-300x208.jpg 300w, https:\/\/ziehmy.de\/saab\/wp-content\/uploads\/2025\/01\/Achtung2-1024x709-1-768x532.jpg 768w, https:\/\/ziehmy.de\/saab\/wp-content\/uploads\/2025\/01\/Achtung2-1024x709-1.jpg 1024w\" sizes=\"auto, (max-width: 600px) 100vw, 600px\" \/><\/p>\n<hr \/>\n<p style=\"text-align: center;\"><strong>Hinweis:<\/strong><br \/>\nDas Hauptmenue dieser Website befindet sich immer oben rechts!<br \/>\nIn der mobilen Ansicht (Tablet oder Smartphone) einfach auf das kleine K\u00e4stchen klicken, um das Menue zu \u00f6ffnen.<\/p>\n<hr class=\"wp-block-separator is-style-wide\" \/>\n<p style=\"text-align: center;\">Direkt weiter zu\u00a0<a tabindex=\"-1\" href=\"https:\/\/ziehmy.de\/saab\/index.php\/willkommen\/saab-und-ich\/\">SAAB und Ich \u2192<\/a><\/p>\n<hr class=\"wp-block-separator is-style-wide\" \/>\n<p>&nbsp;<\/p>\n","protected":false},"excerpt":{"rendered":"<p>Sch\u00f6n, dass Du den Weg zu meiner\u00a0SAAB-Internetseite gefunden hast! Auf den folgenden Seiten findest Du umfangreiche Informationen \u00fcber mich und mein Hobby. Auch hoffe ich, mit meinem Wissen rund um &#8230;<\/p>\n","protected":false},"author":1,"featured_media":0,"parent":0,"menu_order":0,"comment_status":"closed","ping_status":"closed","template":"template-fullwidth.php","meta":{"footnotes":""},"class_list":["post-19","page","type-page","status-publish","hentry"],"_links":{"self":[{"href":"https:\/\/ziehmy.de\/saab\/index.php\/wp-json\/wp\/v2\/pages\/19","targetHints":{"allow":["GET"]}}],"collection":[{"href":"https:\/\/ziehmy.de\/saab\/index.php\/wp-json\/wp\/v2\/pages"}],"about":[{"href":"https:\/\/ziehmy.de\/saab\/index.php\/wp-json\/wp\/v2\/types\/page"}],"author":[{"embeddable":true,"href":"https:\/\/ziehmy.de\/saab\/index.php\/wp-json\/wp\/v2\/users\/1"}],"replies":[{"embeddable":true,"href":"https:\/\/ziehmy.de\/saab\/index.php\/wp-json\/wp\/v2\/comments?post=19"}],"version-history":[{"count":17,"href":"https:\/\/ziehmy.de\/saab\/index.php\/wp-json\/wp\/v2\/pages\/19\/revisions"}],"predecessor-version":[{"id":593,"href":"https:\/\/ziehmy.de\/saab\/index.php\/wp-json\/wp\/v2\/pages\/19\/revisions\/593"}],"wp:attachment":[{"href":"https:\/\/ziehmy.de\/saab\/index.php\/wp-json\/wp\/v2\/media?parent=19"}],"curies":[{"name":"wp","href":"https:\/\/api.w.org\/{rel}","templated":true}]}}