{"id":115,"date":"2025-01-11T21:43:25","date_gmt":"2025-01-11T21:43:25","guid":{"rendered":"https:\/\/ziehmy.de\/saab\/?page_id=115"},"modified":"2025-01-21T17:21:41","modified_gmt":"2025-01-21T16:21:41","slug":"saab-und-ich","status":"publish","type":"page","link":"https:\/\/ziehmy.de\/saab\/index.php\/willkommen\/saab-und-ich\/","title":{"rendered":"SAAB und Ich"},"content":{"rendered":"\r\n<h5 class=\"wp-block-heading wp-elements-5558afd5a926511315b7cc5a6903dea2\"><b>Wer bin ich? Was habe ich mit SAAB zu tun?<\/b><\/h5>\r\n<p>F\u00fcr diejenigen, die mich noch nicht kennen, m\u00f6chte ich hier die Gelegenheit nutzen, mich kurz vorzustellen. Ein paar Kleinigkeiten aus meinem Leben sind durchaus wichtig, um meine\u00a0<strong>SAAB<\/strong>-Verr\u00fccktheit nachvollziehen zu k\u00f6nnen:<\/p>\r\n<figure id=\"attachment_203\" aria-describedby=\"caption-attachment-203\" style=\"width: 207px\" class=\"wp-caption alignright\"><img loading=\"lazy\" decoding=\"async\" class=\"wp-image-203 size-full\" src=\"https:\/\/ziehmy.de\/saab\/wp-content\/uploads\/2025\/01\/Ziehmy-207x300-1.jpg\" alt=\"\" width=\"207\" height=\"300\" \/><figcaption id=\"caption-attachment-203\" class=\"wp-caption-text\"><center><span style=\"color: #db0b0b;\">Ziehmy (Das bin ich!)<\/span><br \/><small><small> <span style=\"color: #db0b0b;\">Foto: Motor Klassik, Motor Presse Stuttgart<\/span><\/small><\/small><\/center><\/figcaption><\/figure>\r\n<p>Mein Name ist Thorsten Ziehm. Ich lebe im n\u00f6rdlichen Deutschland, genauer gesagt in einer Kleinstadt namens Uetersen in Schleswig-Holstein. Geboren wurde ich, so wurde mir erz\u00e4hlt, im Jahre 1969.<br \/>Seit 1989, mit kurzer Unterbrechung von zweimal 3 Jahren und einmal 10 Monaten (dazu nachher mehr), fahre ich im Alltag schon\u00a0<strong>SAAB<\/strong>. Auf diese Marke gebracht hat mich mein damaliger Nachbar J\u00fcrgen Kolodziej. Der hatte zuf\u00e4llig in der gleichen Stra\u00dfe, in der ich damals wohnte, eine <strong>SAAB<\/strong>-Niederlassung. Die Werkstattprobefahrten erfolgten immer vor meiner Haust\u00fcr \u2013 der r\u00f6chelnde Auspuffklang des <strong>SAAB<\/strong> 900 Turbo faszinierte mich schon damals!<\/p>\r\n<p>So war der Weg zu\u00a0<strong>SAAB<\/strong>\u00a0schon einmal geebnet.<\/p>\r\n<p>Mein erstes \u201crichtiges Auto\u201d im Jahre 1989 war bereits ein 1985er <strong>SAAB<\/strong> 900 Turbo 8V. Anschlie\u00dfend folgten zwei <strong>SAAB<\/strong> 900 Turbo 16S und nebenbei war immer ein Oldie in Form eines <strong>SAAB<\/strong>\u00a096V4 oder\u00a0<strong>SAAB<\/strong> 95V4 vorhanden. So entwickelte sich <strong>SAAB<\/strong>\u00a0sehr schnell auch zu einem Hobby. Neben der eigenen\u00a0<strong>SAAB<\/strong>-Fan-Website saab-team.de (die nach \u00fcber 10 Jahren Ende 2008 geschlossen wurde), der Organisation von\u00a0<strong>SAAB<\/strong>-Stammtischen, der Sammlung von\u00a0<strong>SAAB<\/strong>-Modellautos und der Restaurierung einer <strong>SAAB<\/strong>-Sonett III von 1973 erfolgten in der Freizeit diverse weitere Aktivit\u00e4ten rund um die Marke\u00a0<strong>SAAB<\/strong>.<\/p>\r\n<figure id=\"attachment_205\" aria-describedby=\"caption-attachment-205\" style=\"width: 300px\" class=\"wp-caption alignleft\"><img loading=\"lazy\" decoding=\"async\" class=\"wp-image-205 size-full\" src=\"https:\/\/ziehmy.de\/saab\/wp-content\/uploads\/2025\/01\/cropped-Saab-Sonett-III-001_DxO-300x180-1.jpg\" alt=\"\" width=\"300\" height=\"180\" \/><figcaption id=\"caption-attachment-205\" class=\"wp-caption-text\"><center><span style=\"color: #db0b0b;\">1974er SAAB Sonett III<\/span><br \/><span style=\"color: #db0b0b;\"><small><small>Foto: Motor Klassik, Motor Presse Stuttgart<\/small><\/small><\/span><\/center><\/figcaption><\/figure>\r\n<p>Seit Ende 1998 bin ich Fahrlehrer der Klasse BE (Pkw) \u2013 hier begann dann auch meine erste kurze Auszeit von\u00a0<strong>SAAB<\/strong> als Alltagsauto. Ich dachte damals, als Fahrlehrer m\u00fcsse man einen Golf fahren.<br \/>Bereits 2002, nachdem ich in der kurzen Zeit zwei Golf IV verschlissen hatte, folgte aber auch f\u00fcr den Beruf wieder ein richtiges Auto: ein silberner\u00a0<strong>SAAB<\/strong>\u00a09\u00b3 TiD Anniversary als Neuwagen \u2013 einer der Allerletzten der alten Bauform \u2013 mit Lederausstattung, Standheizung und gro\u00dfen 17-Zoll-Alufelgen!<br \/>Dieses Fahrzeug widersprach eigentlich aller Vernunft und allen finanziell sinnvollen Gesichtspunkten aus der Sicht eines Fahrlehrers!<br \/>Aber auf diese Weise wurde das Hobby auch im Beruf wieder in den Vordergrund ger\u00fcckt.<br \/>Als einziger\u00a0<strong>SAAB<\/strong>-Fahrschulwagen in Deutschland erfreute sich dieses Auto sowohl bei den Fahrsch\u00fclern, als auch bei den Pr\u00fcfern gro\u00dfer Beliebtheit.<br \/>Der Verkauf erfolgte Ende 2007, um daf\u00fcr einen 2006er\u00a0<strong>SAAB<\/strong>\u00a09-5 TiD Hirsch SportCombi, den \u201cRoten Eimer\u201d zu erwerben. Nach gro\u00dfen Problemen mit eben diesem\u00a0<strong>SAAB<\/strong>\u00a09-5 TiD Hirsch SportCombi (Insider kennen die Geschichte rund um den \u201cRoten Eimer\u201d), den ich Anfang 2008 als Zweij\u00e4hrigen erwarb, habe ich meine Aktivit\u00e4ten rund um\u00a0<strong>SAAB<\/strong> stark zur\u00fcckgeschraubt. Den \u201cRoten Eimer\u201d habe ich nach genau 12 Monaten und 25 Werkstattaufenthalten (immer nur \u201cKleinigkeiten\u201d, wie z.B. Getriebesch\u00e4den, Lenkungsspiel, gebrochene Sto\u00dfd\u00e4mpfer, abgerissene Drallklappen, usw.) Anfang 2009 v\u00f6llig entnervt verkauft und\u00a0 gegen einen AUDI A3 getauscht. Mit diesem war ich 3 Jahre zufrieden, aber st\u00e4ndig \u00fcber den winzigen Kofferraum schimpfend,\u00a0 v\u00f6llig emotionslos auf den Stra\u00dfen unterwegs. Das war die zweite <strong>SAAB<\/strong>-Auszeit.<\/p>\r\n<figure id=\"attachment_210\" aria-describedby=\"caption-attachment-210\" style=\"width: 300px\" class=\"wp-caption alignright\"><img loading=\"lazy\" decoding=\"async\" class=\"wp-image-210 size-full\" src=\"https:\/\/ziehmy.de\/saab\/wp-content\/uploads\/2025\/01\/088-93-blitzblank-300x225-1.jpg\" alt=\"\" width=\"300\" height=\"225\" \/><figcaption id=\"caption-attachment-210\" class=\"wp-caption-text\"><center><span style=\"color: #db0b0b;\">2002er SAAB 9\u00b3 TiD Anniversary<\/span><br \/><small><small><span style=\"color: #db0b0b;\">(auch 2025 noch immer im Besitz!)<\/span><\/small><\/small><\/center><\/figcaption><\/figure>\r\n<p>Meine Frau Marett, mittlerweile von der\u00a0<strong>SAAB<\/strong>-Macke angesteckt,\u00a0 fuhr in dieser Zeit mit gro\u00dfer Begeisterung einen\u00a0<strong>SAAB<\/strong> 900 Turbo 16S aus dem Jahre 1988. Dieser Wagen gl\u00e4nzte durch Alltagstauglichkeit und Zuverl\u00e4ssigkeit ebenso wie durch solide Autobaukunst und Fahrspa\u00df. Als 2011 sehr umfangreiche Blecharbeiten erforderlich wurden, haben wir uns schweren Herzens von diesem <strong>SAAB<\/strong>-Klassiker getrennt.<br \/>2010 hatte ich, mehr aus sentimentalen als vern\u00fcnftigen Gr\u00fcnden, den 2002er <strong>SAAB<\/strong> 9\u00b3 TiD (Fahrschulwagen), den ich 2007 verkauft hatte, vom damaligen K\u00e4ufer zur\u00fcckgekauft. Und da dieses Auto \u201cirgendwie \u00fcber war\u201d, fuhr\u00a0 meine Frau seit dieser Zeit nun \u201cmeinen\u201d <strong>SAAB<\/strong>\u00a09\u00b3, den ehemaligen Fahrschulwagen.<\/p>\r\n<figure id=\"attachment_209\" aria-describedby=\"caption-attachment-209\" style=\"width: 300px\" class=\"wp-caption alignleft\"><img loading=\"lazy\" decoding=\"async\" class=\"wp-image-209 size-full\" src=\"https:\/\/ziehmy.de\/saab\/wp-content\/uploads\/2025\/01\/087-Beide-auf-Sommer-300x225-1.jpg\" alt=\"\" width=\"300\" height=\"225\" \/><figcaption id=\"caption-attachment-209\" class=\"wp-caption-text\"><center><span style=\"color: #db0b0b;\">2008er SAAB 9\u00b3 TTiD Aero SportCombi<\/span><br \/><small><small><span style=\"color: #db0b0b;\">(verkauft 10\/2018)<\/span><\/small><\/small><\/center><\/figcaption><\/figure>\r\n<p>Anfang 2012, nach 3 Jahren Audi, bin ich dann erneut r\u00fcckf\u00e4llig geworden:<br \/>Als ich beim\u00a0<strong>SAAB<\/strong>-H\u00e4ndler eigentlich nur zwei Plastikhalter f\u00fcr eine Verkleidung in unserem Fahrschul-<strong>SAAB<\/strong>\u00a09\u00b3\u00a0kaufen wollte, entdeckte ich dort\u00a0einen\u00a0<strong>SAAB<\/strong>\u00a09\u00b3 TTiD Aero SportCombi aus dem Jahre 2008, in den ich mich sofort verliebte. Da mein AUDI-Leasing eh gerade sein Ende erreichte, passte das perfekt! Das waren die teuersten Plastikhalter meines Lebens\u2026.<br \/>Dieser\u00a0<strong>SAAB<\/strong>\u00a0begleitete mich auch wieder lange Zeit treu und zuverl\u00e4ssig und bereitete jeden Tag aufs neue extremen Fahrspa\u00df. T\u00e4glich spulte er seine Kilometer ab und brachte mich sicher zur Arbeit \u2013 so soll es sein! Aber leider kam dann diese allgemeine Diesel-Diskussion gepaart mit Fahrverboten:<br \/>Es handelte sich bei meinem\u00a0<strong>SAAB<\/strong> um einen Euro-4-Diesel, f\u00fcr den es auch in Hamburg schon erste Verbotszonen gab. Da dann auch noch eine sehr, sehr teure Reparatur f\u00e4llig wurde, fiel Ende 2018 bei einer Gesamtlaufleistung von knapp \u00fcber 280.000km die Entscheidung, den <strong>SAAB<\/strong>\u00a0TTiD zu verkaufen. Da hat doch bei mir tats\u00e4chlich einmal die (finanzielle) Vernunft gesiegt \u2013 das kommt in Sachen\u00a0<strong>SAAB<\/strong> extrem selten vor \ud83d\ude09<\/p>\r\n<figure id=\"attachment_211\" aria-describedby=\"caption-attachment-211\" style=\"width: 300px\" class=\"wp-caption alignright\"><img loading=\"lazy\" decoding=\"async\" class=\"wp-image-211 size-full\" src=\"https:\/\/ziehmy.de\/saab\/wp-content\/uploads\/2025\/01\/033-Erstes-externes-Aufladen-300x225-1.jpg\" alt=\"\" width=\"300\" height=\"225\" \/><figcaption id=\"caption-attachment-211\" class=\"wp-caption-text\"><center><span style=\"color: #db0b0b;\">2014er Opel AMPERA \u2013 R.I.P.<\/span><br \/><small><small><span style=\"color: #db0b0b;\">(zerst\u00f6rt 09\/2019)<\/span><\/small><\/small><\/center><\/figcaption><\/figure>\r\n<p>Seit Oktober 2018 fuhr ich dann im Alltag (leider) keinen\u00a0<strong>SAAB<\/strong>\u00a0mehr, war daf\u00fcr aber vibrationslos und leise elektrisch unterwegs \u2013 zwar kein\u00a0<strong>SAAB<\/strong>, aber auch nicht schlecht: Mein erster Opel in meinem Leben! Aber wirklich nicht schlecht: Der AMPERA! Und gerade mit diesem Modell war ich noch exklusiver unterwegs, als mit <strong>SAAB.<\/strong> Nach nur 10 Monaten toller Erfahrung mit der E-Mobilit\u00e4t versuchte der Fahrer eines rum\u00e4nischer 40-Tonners minder erfolgreich einen Fahrstreifenwechsel auf der A7. Mein Opel wurde dabei gegen eine Betonwand gedr\u00fcckt und erlitt dabei umfangreiche Blechkaltverformungen \u2013 Totalschaden.<br \/>Damit endete dann die 10-monatige\u00a0<strong>SAAB<\/strong>-Auszeit.<\/p>\r\n<p>Anfang 2019, also noch vor dem AMPERA-Unfall,\u00a0 war der silberne\u00a0<strong>SAAB<\/strong>\u00a09\u00b3\u00a0TiD mit mittlerweile 17 Jahren T\u00dcV-f\u00e4llig und wir kauften f\u00fcr meine Frau einen kleinen, wendigen Polo \u2013 perfekt als kleiner Stadtflitzer.<\/p>\r\n<figure id=\"attachment_131\" aria-describedby=\"caption-attachment-131\" style=\"width: 300px\" class=\"wp-caption alignleft\"><img loading=\"lazy\" decoding=\"async\" class=\"wp-image-131 size-medium\" src=\"https:\/\/ziehmy.de\/saab\/wp-content\/uploads\/2025\/01\/136-mit-Spurplatten-scaled-1000x650-1-300x195.jpg\" alt=\"\" width=\"300\" height=\"195\" srcset=\"https:\/\/ziehmy.de\/saab\/wp-content\/uploads\/2025\/01\/136-mit-Spurplatten-scaled-1000x650-1-300x195.jpg 300w, https:\/\/ziehmy.de\/saab\/wp-content\/uploads\/2025\/01\/136-mit-Spurplatten-scaled-1000x650-1-768x499.jpg 768w, https:\/\/ziehmy.de\/saab\/wp-content\/uploads\/2025\/01\/136-mit-Spurplatten-scaled-1000x650-1.jpg 1000w\" sizes=\"auto, (max-width: 300px) 100vw, 300px\" \/><figcaption id=\"caption-attachment-131\" class=\"wp-caption-text\"><center><span style=\"color: #db0b0b;\">2002er SAAB 9\u00b3 TiD Anniversary<\/span><br \/><small><small><span style=\"color: #db0b0b;\">Fahrschulausstattung (Erstbesitz!)<\/span><\/small><\/small><\/center><\/figcaption><\/figure>\r\n<p>Der Diesel war daf\u00fcr denkbar ungeeignet: Durch das viele Kurzstreckefahren kam es immer wieder zu Problemen mit dem AGR-Ventil. Der\u00a0<strong>SAAB<\/strong> wurde erst einmal abgemeldet und mit noch einmal frischer Hauptuntersuchung (unerwartet ohne M\u00e4ngel!) in die Garage gestellt. Damit war der silberne <strong>SAAB<\/strong>\u00a09\u00b3\u00a0TiD ja dann irgendwie wieder einmal \u201e\u00fcber\u201c. Das sollte sich aber bereits 5 Monate sp\u00e4ter als sehr praktisch erweisen:<\/p>\r\n<p>Nach dem AMPERA fuhr ich nun seit September 2019 wieder meinen 2002 als Neuwagen erworbenen\u00a0<strong>SAAB<\/strong>\u00a0im Alltag! Er wurde etwas optimiert (Gro\u00dfes Soundsystem nachger\u00fcstet, Aero-Lenkrad) und wieder richtig h\u00fcbsch gemacht (Teillackierung, Aufbereitung).<\/p>\r\n<figure id=\"attachment_206\" aria-describedby=\"caption-attachment-206\" style=\"width: 300px\" class=\"wp-caption alignright\"><img loading=\"lazy\" decoding=\"async\" class=\"wp-image-206 size-medium\" src=\"https:\/\/ziehmy.de\/saab\/wp-content\/uploads\/2025\/01\/210-Haseldorf-1024x768-1-300x225.jpg\" alt=\"\" width=\"300\" height=\"225\" srcset=\"https:\/\/ziehmy.de\/saab\/wp-content\/uploads\/2025\/01\/210-Haseldorf-1024x768-1-300x225.jpg 300w, https:\/\/ziehmy.de\/saab\/wp-content\/uploads\/2025\/01\/210-Haseldorf-1024x768-1-768x576.jpg 768w, https:\/\/ziehmy.de\/saab\/wp-content\/uploads\/2025\/01\/210-Haseldorf-1024x768-1.jpg 1024w\" sizes=\"auto, (max-width: 300px) 100vw, 300px\" \/><figcaption id=\"caption-attachment-206\" class=\"wp-caption-text\"><center><span style=\"color: #db0b0b;\">2002er SAAB 9\u00b3 Cabrio Anniversary<\/span><br \/><small><small><span style=\"color: #db0b0b;\">(verkauft 09\/2020)<\/span><\/small><\/small><\/center><\/figcaption><\/figure>\r\n<p>Anfang 2020 erfolgte die Anschaffung eines 2002er\u00a0<strong>SAAB<\/strong>\u00a09\u00b3 Anniversary Cabrios mit 220 PS \u2013 auch bei diesem\u00a0<strong>SAAB<\/strong>\u00a0gab es viel Arbeit: Teillackierung, Fahrwerksumbau, Aufr\u00fcstung Audiosystem, diverse Reparaturen \u2013 hat schon Spa\u00df gemacht. Durch viele Sonnentage konnten wir das Offenfahren an Wochenenden und auf dem Weg zur Arbeit auch sehr genie\u00dfen. Trotzdem erfolgte bereits im September zum Saisonende der Verkauf, um Platz f\u00fcr ein neues Projekt zu bekommen\u2026<\/p>\r\n<p>Im Oktober 2020 lief mir dann tats\u00e4chlich wieder ein begehrenswerter\u00a0<strong>SAAB<\/strong>\u00a0\u00fcber den Weg, der bei mir den \u201eMust-Have\u201c-Reflex ausl\u00f6ste: einer der letzten\u00a0<strong>SAAB<\/strong>\u00a09\u00b3! Ein\u00a0<strong>SAAB<\/strong>\u00a09\u00b3 Aero SportCombi mit TX-Paket in meiner Traumfarbe rot, und dann auch noch ein sp\u00e4ter 2011er mit Vollausstattung. Da konnte ich nicht anders\u2026. So sind sie halt, die\u00a0<strong>SAAB<\/strong>-Fahrer! Auch dieser\u00a0<strong>SAAB<\/strong> wurde fein optimiert und dann hoffentlich viele Jahre bei mir bleiben.<br \/>Somit war der silberne\u00a0<strong>SAAB<\/strong> 9\u00b3 TiD nun schon zum dritten Mal \u201eirgendwie \u00fcber\u201c und wurde trocken und sicher eingelagert. Einmal im Jahr wird er zugelassen, um die Kennzeichenreservierung zu erhalten. Ich fahre ihn dann einige Wochen, damit er Bewegung bekommt. Jedes zweite Jahr geht es dann auch zum T\u00dcV. <br \/>Der <strong>SAAB<\/strong> 9\u00b3 SportCombi mit so allerlei Schnickschnack (Xenon-Kurvenlicht, Navi, Reifendruckkontrolle, Standheizung, Regensonsor, Bose-Soundsystem, usw.) begleitet mich nun im Alltag. Mittlerweile haben Nachforschungen ergeben, dass es sich um einen der 20 letzten produzierten <strong>SAAB<\/strong>\u00a09\u00b3 SportCombis handelt!<\/p>\r\n<figure id=\"attachment_208\" aria-describedby=\"caption-attachment-208\" style=\"width: 300px\" class=\"wp-caption alignleft\"><img loading=\"lazy\" decoding=\"async\" class=\"wp-image-208 size-full\" src=\"https:\/\/ziehmy.de\/saab\/wp-content\/uploads\/2025\/01\/095-Flugplatz-Uetersen-300x225-1.jpg\" alt=\"\" width=\"300\" height=\"225\" \/><figcaption id=\"caption-attachment-208\" class=\"wp-caption-text\"><center><span style=\"color: #db0b0b;\">2011er SAAB 9\u00b3 TTiD Aero<\/span><br \/><small><small><span style=\"color: #db0b0b;\">Der t\u00e4gliche SAAB<\/span><\/small><\/small><\/center><\/figcaption><\/figure>\r\n<p>Im Wohnzimmer und in der Garage h\u00e4ngen\u00a0<strong>SAAB<\/strong>-Leuchtreklamen, \u00fcberall trifft man auf B\u00fccher, Prospekte, mehr als 480 Modellautos und allerlei Krimskrams rund um die Marke\u00a0<strong>SAAB<\/strong>. Sogar im Garten findet man eine\u00a0<strong>SAAB<\/strong>\u00a0900-Alufelge als Schlauchhalter und eine\u00a0<strong>SAAB<\/strong>\u00a099-Nockenwelle als Pflanztopfhalter. Mittlerweile haben auch weitere\u00a0<strong>SAAB<\/strong>-Leuchtreklamen von der Aufl\u00f6sung eines\u00a0<strong>SAAB<\/strong>-Autohauses Einzug gehalten und werden demn\u00e4chst montiert.<\/p>\r\n<p>&nbsp;<\/p>\r\n<p>Man kann also sagen, dass\u00a0<strong>SAAB<\/strong>\u00a0f\u00fcr mich jahrelang mehr als ein Auto gewesen ist und auch heute noch ist.<br \/><strong>SAAB<\/strong>\u00a0ist geradezu eine Lebenseinstellung, ein Hobby, eine Leidenschaft.<br \/>Durch die Teilnahme an\u00a0<strong>SAAB<\/strong>-Treffen haben wir auch viele interessante Menschen kennenlernen d\u00fcrfen, so dass z.B. unsere mittlerweile besten Freunde auch langj\u00e4hrige\u00a0<strong>SAAB<\/strong>-Fahrer sind. Mein Leben wurde und wird durch\u00a0<strong>SAAB<\/strong>\u00a0gepr\u00e4gt\u2026 Und das ist auch gut so!<\/p>\r\n<p>Ich k\u00f6nnte zwar sicherlich ohne\u00a0<strong>SAAB<\/strong>\u00a0leben (habe ich aber noch nie probiert!), aber warum sollte ich das tun?<\/p>\r\n<p>Seit Pfingsten 2014 habe ich meine\u00a0<strong>SAAB<\/strong>\u00a0Sonett III restauriert, die Anfang 2017 dann endlich fertig wurde. Meine\u00a0<strong>SAAB<\/strong>igen Aktivit\u00e4ten drehen sich nun sehr viel um diesen\u00a0<strong>SAAB<\/strong>: Oldtimertreffen, Ausfahrten,\u00a0<strong>SAAB<\/strong>-Treffen, Schrauber-Workshops und Vieles mehr. Es bleibt also weiter interessant!<\/p>\r\n<figure id=\"attachment_199\" aria-describedby=\"caption-attachment-199\" style=\"width: 300px\" class=\"wp-caption alignright\"><img loading=\"lazy\" decoding=\"async\" class=\"wp-image-199 size-medium\" src=\"https:\/\/ziehmy.de\/saab\/wp-content\/uploads\/2025\/01\/000-SAABIch-1024x768-1-300x225.jpg\" alt=\"\" width=\"300\" height=\"225\" srcset=\"https:\/\/ziehmy.de\/saab\/wp-content\/uploads\/2025\/01\/000-SAABIch-1024x768-1-300x225.jpg 300w, https:\/\/ziehmy.de\/saab\/wp-content\/uploads\/2025\/01\/000-SAABIch-1024x768-1-768x576.jpg 768w, https:\/\/ziehmy.de\/saab\/wp-content\/uploads\/2025\/01\/000-SAABIch-1024x768-1.jpg 1024w\" sizes=\"auto, (max-width: 300px) 100vw, 300px\" \/><figcaption id=\"caption-attachment-199\" class=\"wp-caption-text\"><center><span style=\"color: #db0b0b;\">1987er SAAB 900 Turbo 16S<\/span><br \/><small><small><span style=\"color: #db0b0b;\">Im Jahre 1992 mit portugiesischen Kennzeichen<\/span><\/small><\/small><\/center><\/figcaption><\/figure>\r\n<p>Und zum Abschluss dieser schnellen Zusammenfassung nun noch ein Foto aus l\u00e4ngst vergangenen Zeiten. Es entstand irgendwann im Jahre 1992 und zeigt mich mit meinem damaligen 1987er\u00a0<strong>SAAB<\/strong> 900 Turbo 16S \u2013 man beachte die portugiesischen Kennzeichen (ich habe damals einige Jahre dort gelebt und die gesamte Zeit SAAB gefahren).<\/p>\r\n<p>&nbsp;<\/p>\r\n<p>&nbsp;<\/p>\r\n<p style=\"text-align: center;\">Und hier geht es nun direkt weiter zu <a href=\"https:\/\/ziehmy.de\/saab\/index.php\/willkommen\/saab-und-ich\/meine-saabs\/\">meinen SAABs \u2192<\/a><\/p>\r\n<figure class=\"aligncenter size-large is-resized\"><hr \/><\/figure>\r\n","protected":false},"excerpt":{"rendered":"<p>Wer bin ich? Was habe ich mit SAAB zu tun? F\u00fcr diejenigen, die mich noch nicht kennen, m\u00f6chte ich hier die Gelegenheit nutzen, mich kurz vorzustellen. Ein paar Kleinigkeiten aus &#8230;<\/p>\n","protected":false},"author":1,"featured_media":0,"parent":19,"menu_order":0,"comment_status":"closed","ping_status":"closed","template":"","meta":{"footnotes":""},"class_list":["post-115","page","type-page","status-publish","hentry"],"_links":{"self":[{"href":"https:\/\/ziehmy.de\/saab\/index.php\/wp-json\/wp\/v2\/pages\/115","targetHints":{"allow":["GET"]}}],"collection":[{"href":"https:\/\/ziehmy.de\/saab\/index.php\/wp-json\/wp\/v2\/pages"}],"about":[{"href":"https:\/\/ziehmy.de\/saab\/index.php\/wp-json\/wp\/v2\/types\/page"}],"author":[{"embeddable":true,"href":"https:\/\/ziehmy.de\/saab\/index.php\/wp-json\/wp\/v2\/users\/1"}],"replies":[{"embeddable":true,"href":"https:\/\/ziehmy.de\/saab\/index.php\/wp-json\/wp\/v2\/comments?post=115"}],"version-history":[{"count":28,"href":"https:\/\/ziehmy.de\/saab\/index.php\/wp-json\/wp\/v2\/pages\/115\/revisions"}],"predecessor-version":[{"id":611,"href":"https:\/\/ziehmy.de\/saab\/index.php\/wp-json\/wp\/v2\/pages\/115\/revisions\/611"}],"up":[{"embeddable":true,"href":"https:\/\/ziehmy.de\/saab\/index.php\/wp-json\/wp\/v2\/pages\/19"}],"wp:attachment":[{"href":"https:\/\/ziehmy.de\/saab\/index.php\/wp-json\/wp\/v2\/media?parent=115"}],"curies":[{"name":"wp","href":"https:\/\/api.w.org\/{rel}","templated":true}]}}